{"id":9161,"date":"2022-07-04T16:18:23","date_gmt":"2022-07-04T14:18:23","guid":{"rendered":"https:\/\/orchidee.de\/?page_id=9161"},"modified":"2026-03-16T19:48:20","modified_gmt":"2026-03-16T18:48:20","slug":"unterfranken-gruppe","status":"publish","type":"page","link":"https:\/\/orchidee.de\/en\/unterfranken-gruppe\/","title":{"rendered":"Unterfranken  Gruppe"},"content":{"rendered":"<section class=\"l-section wpb_row us_custom_b3be410f height_huge width_full color_alternate with_img\"><div class=\"l-section-img\" style=\"background-image: url(https:\/\/orchidee.de\/wp-content\/uploads\/Phragmipedium-Woessner-Rubin_KF.jpg);\" data-img-width=\"1800\" data-img-height=\"900\"><\/div><div class=\"l-section-overlay\" style=\"background:var(--color-header-transparent-bg)\"><\/div><div class=\"l-section-h i-cf\"><div class=\"g-cols vc_row via_grid cols_1 laptops-cols_inherit tablets-cols_inherit mobiles-cols_1 valign_top type_default stacking_default\"><div class=\"wpb_column vc_column_container\"><div class=\"vc_column-inner\"><\/div><\/div><\/div><\/div><\/section><!-- Row Backgrounds --><section class=\"l-section wpb_row height_small\"><div class=\"l-section-h i-cf\"><div class=\"g-cols vc_row via_grid cols_1 laptops-cols_inherit tablets-cols_inherit mobiles-cols_1 valign_top type_default stacking_default\"><div class=\"wpb_column vc_column_container\"><div class=\"vc_column-inner\"><div class=\"w-separator size_medium\"><\/div><\/div><\/div><div class=\"wpb_column vc_column_container\"><div class=\"vc_column-inner\"><div class=\"g-cols wpb_row via_grid cols_1 laptops-cols_inherit tablets-cols_inherit mobiles-cols_1 valign_top type_default stacking_default\"><div class=\"wpb_column vc_column_container\"><div class=\"vc_column-inner\"><div class=\"wpb_text_column us_custom_e939c30a\"><div class=\"wpb_wrapper\"><h1>Unterfranken<\/h1>\n<\/div><\/div><\/div><\/div><\/div><\/div><\/div><\/div><\/div><\/section><section class=\"l-section wpb_row height_small\"><div class=\"l-section-h i-cf\"><div class=\"g-cols vc_row via_grid cols_1 laptops-cols_inherit tablets-cols_inherit mobiles-cols_1 valign_top type_default stacking_default\"><div class=\"wpb_column vc_column_container\"><div class=\"vc_column-inner\"><div class=\"wpb_text_column\"><div class=\"wpb_wrapper\"><p><strong>Gruppenleitung<\/strong><br \/>\nNils-Gereon K\u00f6lbl<br \/>\n0171 7813769<br \/>\nNiels.koelbl@t-online.de<\/p>\n<\/div><\/div><div class=\"w-separator size_small\"><\/div><div class=\"wpb_text_column\"><div class=\"wpb_wrapper\"><p><strong>Gruppenleitung laut Wahlen vom 07.03.2026:<\/strong><br \/>\nGruppenleiter: Niels-Gereon K\u00f6lbl<br \/>\nStellvertreter: Prof. Dr. Frank Gohlke<br \/>\nKassenwart: J\u00f6rg B\u00f6ttger<\/p>\n<\/div><\/div><div class=\"w-separator size_small\"><\/div><div class=\"wpb_text_column\"><div class=\"wpb_wrapper\"><p><strong>Gruppentreffen:<\/strong><br \/>\nNeubau der Umweltstation<br \/>\nNigglweg 5<br \/>\n97082 W\u00fcrzburg<br \/>\n1. Samstag im Monat jeweils um 19 Uhr.<\/p>\n<\/div><\/div><div class=\"w-separator size_small\"><\/div><div class=\"wpb_text_column\"><div class=\"wpb_wrapper\"><p>Zu unseren Treffen laden wir Referenten zu den unterschiedlichsten Themen ein. Vom Anf\u00e4nger bis zum Experten, f\u00fcr jeden ist etwas dabei. Kommen Sie einfach mal vorbei. Sie sind jederzeit herzlich willkommen.<\/p>\n<\/div><\/div><\/div><\/div><\/div><\/div><\/section><section class=\"l-section wpb_row height_medium\"><div class=\"l-section-h i-cf\"><div class=\"g-cols vc_row via_grid cols_1 laptops-cols_inherit tablets-cols_inherit mobiles-cols_1 valign_top type_default stacking_default\"><div class=\"wpb_column vc_column_container\"><div class=\"vc_column-inner\"><div class=\"mec-wrap mec-skin-list-container  \" id=\"mec_skin_13122\">\n    \n    \n        <div class=\"mec-skin-list-events-container\" id=\"mec_skin_events_13122\">\n        No event found!    <\/div>\n        \n        \n<\/div><\/div><\/div><\/div><\/div><\/section>\n","protected":false},"excerpt":{"rendered":"Unterfranken Gruppenleitung Nils-Gereon K\u00f6lbl 0171 7813769 Niels.koelbl@t-online.de Gruppenleitung laut Wahlen vom 07.03.2026: Gruppenleiter: Niels-Gereon K\u00f6lbl Stellvertreter: Prof. Dr. Frank Gohlke Kassenwart: J\u00f6rg B\u00f6ttger Gruppentreffen: Neubau der Umweltstation Nigglweg 5 97082 W\u00fcrzburg 1. Samstag im Monat jeweils um 19 Uhr. Zu unseren Treffen laden wir Referenten zu den unterschiedlichsten Themen ein. Vom Anf\u00e4nger bis zum Experten,...","protected":false},"author":10,"featured_media":0,"parent":0,"menu_order":0,"comment_status":"closed","ping_status":"closed","template":"","meta":{"footnotes":""},"class_list":["post-9161","page","type-page","status-publish","hentry"],"_links":{"self":[{"href":"https:\/\/orchidee.de\/en\/wp-json\/wp\/v2\/pages\/9161","targetHints":{"allow":["GET"]}}],"collection":[{"href":"https:\/\/orchidee.de\/en\/wp-json\/wp\/v2\/pages"}],"about":[{"href":"https:\/\/orchidee.de\/en\/wp-json\/wp\/v2\/types\/page"}],"author":[{"embeddable":true,"href":"https:\/\/orchidee.de\/en\/wp-json\/wp\/v2\/users\/10"}],"replies":[{"embeddable":true,"href":"https:\/\/orchidee.de\/en\/wp-json\/wp\/v2\/comments?post=9161"}],"version-history":[{"count":9,"href":"https:\/\/orchidee.de\/en\/wp-json\/wp\/v2\/pages\/9161\/revisions"}],"predecessor-version":[{"id":26875,"href":"https:\/\/orchidee.de\/en\/wp-json\/wp\/v2\/pages\/9161\/revisions\/26875"}],"wp:attachment":[{"href":"https:\/\/orchidee.de\/en\/wp-json\/wp\/v2\/media?parent=9161"}],"curies":[{"name":"wp","href":"https:\/\/api.w.org\/{rel}","templated":true}]}}