{"id":17004,"date":"2022-06-22T15:27:29","date_gmt":"2022-06-22T13:27:29","guid":{"rendered":"http:\/\/staging.orchidee.de\/event-reports\/"},"modified":"2024-07-10T10:59:53","modified_gmt":"2024-07-10T08:59:53","slug":"veranstaltungsberichte","status":"publish","type":"page","link":"https:\/\/orchidee.de\/en\/veranstaltungsberichte\/","title":{"rendered":"Event Reports"},"content":{"rendered":"<section class=\"l-section wpb_row us_custom_b3be410f height_huge width_full color_alternate with_img\"><div class=\"l-section-img\" style=\"background-image: url(https:\/\/orchidee.de\/wp-content\/uploads\/Cattlianthe-Japanese-Beauty_KF.jpg);\" data-img-width=\"1800\" data-img-height=\"900\"><\/div><div class=\"l-section-overlay\" style=\"background:var(--color-header-transparent-bg)\"><\/div><div class=\"l-section-h i-cf\"><div class=\"g-cols vc_row via_grid cols_1 laptops-cols_inherit tablets-cols_inherit mobiles-cols_1 valign_top type_default stacking_default\"><div class=\"wpb_column vc_column_container\"><div class=\"vc_column-inner\"><\/div><\/div><\/div><\/div><\/section><!-- Row Backgrounds --><section class=\"l-section wpb_row us_custom_5ffaac3a us_animate_this height_medium\"><div class=\"l-section-h i-cf\"><div class=\"g-cols vc_row via_grid cols_1 laptops-cols_inherit tablets-cols_inherit mobiles-cols_1 valign_top type_default stacking_default\"><div class=\"wpb_column vc_column_container\"><div class=\"vc_column-inner\"><div class=\"wpb_text_column us_custom_0cae4314\"><div class=\"wpb_wrapper\"><h1>Event Reports<\/h1>\n<\/div><\/div><div class=\"w-separator size_small\"><\/div><div class=\"wpb_text_column\"><div class=\"wpb_wrapper\"><p>How did the exhibition in Dresden go? Which plants received a gold medal for culture status in the last D.O.G. judging session?<\/p>\n<p>If you are interested in such questions or if you just want to reminisce a bit, then you have come to the right place. You can find all articles published online about our past events here in chronological order.<\/p>\n<p>Enjoy browsing!<\/p>\n<\/div><\/div><\/div><\/div><\/div><\/div><\/section><section class=\"l-section wpb_row us_custom_3683a75f us_animate_this height_medium\"><div class=\"l-section-h i-cf\"><div class=\"g-cols vc_row via_grid cols_1 laptops-cols_inherit tablets-cols_inherit mobiles-cols_1 valign_top type_default stacking_default\"><div class=\"wpb_column vc_column_container\"><div class=\"vc_column-inner\"><div class=\"w-grid type_grid layout_17529 cols_2 valign_center with_css_animation\" id=\"us_grid_1\" data-filterable=\"true\"><style>#us_grid_1 .w-grid-item{padding:1.20rem}#us_grid_1 .w-grid-list{margin:-1.20rem}.w-grid + #us_grid_1 .w-grid-list,.w-grid-none + #us_grid_1 .w-grid-list{margin-top:1.20rem}@media (max-width:599px){#us_grid_1 .w-grid-list{margin:0}#us_grid_1 .w-grid-item{width:100%;padding:0;margin-bottom:1.20rem}}.layout_17529 .w-grid-item-h{}.layout_17529 .usg_post_image_1{width:30%!important;margin-right:5%!important}.layout_17529 .usg_post_title_1{font-size:1.2rem!important;margin-bottom:0.3rem!important}.layout_17529 .usg_hwrapper_2{color:var(--color-content-faded)!important;font-size:14px!important;line-height:1.6!important}<\/style><div class=\"w-grid-list\">\t<article class=\"w-grid-item us_animate_fade post-26216 post type-post status-publish format-standard has-post-thumbnail hentry category-veranstaltungsberichte\" data-id=\"26216\" style=\"animation-delay:0s\">\r\n\t\t<div class=\"w-grid-item-h\">\r\n\t\t\t\t\t\t<div class=\"w-hwrapper usg_hwrapper_1 align_none valign_top\"><div class=\"w-post-elm post_image usg_post_image_1 has_width has_ratio\"><div style=\"padding-bottom:100%\"><\/div><a href=\"https:\/\/orchidee.de\/en\/internationale-orchideenwelt-auf-der-dresdner-ostern-2025\/\" aria-label=\"Internationale Orchideenwelt auf der DRESDNER OSTERN 2025\"><img loading=\"lazy\" decoding=\"async\" width=\"320\" height=\"169\" src=\"https:\/\/orchidee.de\/wp-content\/uploads\/Eingangsbereich_DD25-320x169.jpg\" class=\"attachment-medium size-medium wp-post-image\" alt=\"Eingangsbereich Halle 1\" srcset=\"https:\/\/orchidee.de\/wp-content\/uploads\/Eingangsbereich_DD25-320x169.jpg 320w, https:\/\/orchidee.de\/wp-content\/uploads\/Eingangsbereich_DD25-1024x542.jpg 1024w, https:\/\/orchidee.de\/wp-content\/uploads\/Eingangsbereich_DD25-1536x813.jpg 1536w, https:\/\/orchidee.de\/wp-content\/uploads\/Eingangsbereich_DD25-640x339.jpg 640w, https:\/\/orchidee.de\/wp-content\/uploads\/Eingangsbereich_DD25-540x286.jpg 540w, https:\/\/orchidee.de\/wp-content\/uploads\/Eingangsbereich_DD25-755x400.jpg 755w\" sizes=\"auto, (max-width: 320px) 100vw, 320px\" \/><\/a><\/div><div class=\"w-vwrapper usg_vwrapper_1 align_none valign_top\"><h2 class=\"w-post-elm post_title usg_post_title_1 entry-title color_link_inherit\"><a href=\"https:\/\/orchidee.de\/en\/internationale-orchideenwelt-auf-der-dresdner-ostern-2025\/\">Internationale Orchideenwelt auf der DRESDNER OSTERN 2025<\/a><\/h2><div class=\"w-hwrapper usg_hwrapper_2 align_none valign_top wrap\"><p class=\"w-post-elm post_custom_field usg_post_custom_field_1 type_text custom\"><span class=\"w-post-elm-value\">Mai 2025<\/span><\/p><\/div><\/div><\/div>\t\t<\/div>\r\n\t<\/article>\r\n\t<article class=\"w-grid-item us_animate_fade post-25323 post type-post status-publish format-standard has-post-thumbnail hentry category-veranstaltungsberichte\" data-id=\"25323\" style=\"animation-delay:0.1s\">\r\n\t\t<div class=\"w-grid-item-h\">\r\n\t\t\t\t\t\t<div class=\"w-hwrapper usg_hwrapper_1 align_none valign_top\"><div class=\"w-post-elm post_image usg_post_image_1 has_width has_ratio\"><div style=\"padding-bottom:100%\"><\/div><a href=\"https:\/\/orchidee.de\/en\/dresdner-ostern-2024-internationale-orchideenwelt-und-europaeische-orchideenkonferenz\/\" aria-label=\"DRESDNER OSTERN 2024 \u2013 Internationale Orchideenwelt und Europ\u00e4ische Orchideenkonferenz\"><img loading=\"lazy\" decoding=\"async\" width=\"320\" height=\"216\" src=\"https:\/\/orchidee.de\/wp-content\/uploads\/Eingang_Halle_1-320x216.jpg\" class=\"attachment-medium size-medium wp-post-image\" alt=\"Eingang Halle\" srcset=\"https:\/\/orchidee.de\/wp-content\/uploads\/Eingang_Halle_1-320x216.jpg 320w, https:\/\/orchidee.de\/wp-content\/uploads\/Eingang_Halle_1-1024x690.jpg 1024w, https:\/\/orchidee.de\/wp-content\/uploads\/Eingang_Halle_1-1536x1035.jpg 1536w, https:\/\/orchidee.de\/wp-content\/uploads\/Eingang_Halle_1-640x431.jpg 640w, https:\/\/orchidee.de\/wp-content\/uploads\/Eingang_Halle_1-540x364.jpg 540w, https:\/\/orchidee.de\/wp-content\/uploads\/Eingang_Halle_1-594x400.jpg 594w\" sizes=\"auto, (max-width: 320px) 100vw, 320px\" \/><\/a><\/div><div class=\"w-vwrapper usg_vwrapper_1 align_none valign_top\"><h2 class=\"w-post-elm post_title usg_post_title_1 entry-title color_link_inherit\"><a href=\"https:\/\/orchidee.de\/en\/dresdner-ostern-2024-internationale-orchideenwelt-und-europaeische-orchideenkonferenz\/\">DRESDNER OSTERN 2024 \u2013 Internationale Orchideenwelt und Europ\u00e4ische Orchideenkonferenz<\/a><\/h2><div class=\"w-hwrapper usg_hwrapper_2 align_none valign_top wrap\"><p class=\"w-post-elm post_custom_field usg_post_custom_field_1 type_text custom\"><span class=\"w-post-elm-value\">Juli 2024<\/span><\/p><\/div><\/div><\/div>\t\t<\/div>\r\n\t<\/article>\r\n\t<article class=\"w-grid-item us_animate_fade post-25262 post type-post status-publish format-standard has-post-thumbnail hentry category-veranstaltungsberichte\" data-id=\"25262\" style=\"animation-delay:0.2s\">\r\n\t\t<div class=\"w-grid-item-h\">\r\n\t\t\t\t\t\t<div class=\"w-hwrapper usg_hwrapper_1 align_none valign_top\"><div class=\"w-post-elm post_image usg_post_image_1 has_width has_ratio\"><div style=\"padding-bottom:100%\"><\/div><a href=\"https:\/\/orchidee.de\/en\/internationale-orchideenwelt-der-dresdner-ostern-2023-2\/\" aria-label=\"Pr\u00e4mierte Z\u00fcchtungen von der EOC 2024 in Dresden\"><img loading=\"lazy\" decoding=\"async\" width=\"320\" height=\"213\" src=\"https:\/\/orchidee.de\/wp-content\/uploads\/Rhyncattleanthe-Love-Passion-Islander-Schanz-320x213.jpg\" class=\"attachment-medium size-medium wp-post-image\" alt=\"Rhyncattleanthe Love Passion &#039;Islander-Schanz&#039;\" srcset=\"https:\/\/orchidee.de\/wp-content\/uploads\/Rhyncattleanthe-Love-Passion-Islander-Schanz-320x213.jpg 320w, https:\/\/orchidee.de\/wp-content\/uploads\/Rhyncattleanthe-Love-Passion-Islander-Schanz-1024x683.jpg 1024w, https:\/\/orchidee.de\/wp-content\/uploads\/Rhyncattleanthe-Love-Passion-Islander-Schanz-391x260.jpg 391w, https:\/\/orchidee.de\/wp-content\/uploads\/Rhyncattleanthe-Love-Passion-Islander-Schanz-600x400.jpg 600w, https:\/\/orchidee.de\/wp-content\/uploads\/Rhyncattleanthe-Love-Passion-Islander-Schanz-1536x1024.jpg 1536w, https:\/\/orchidee.de\/wp-content\/uploads\/Rhyncattleanthe-Love-Passion-Islander-Schanz-640x427.jpg 640w, https:\/\/orchidee.de\/wp-content\/uploads\/Rhyncattleanthe-Love-Passion-Islander-Schanz-540x360.jpg 540w\" sizes=\"auto, (max-width: 320px) 100vw, 320px\" \/><\/a><\/div><div class=\"w-vwrapper usg_vwrapper_1 align_none valign_top\"><h2 class=\"w-post-elm post_title usg_post_title_1 entry-title color_link_inherit\"><a href=\"https:\/\/orchidee.de\/en\/internationale-orchideenwelt-der-dresdner-ostern-2023-2\/\">Pr\u00e4mierte Z\u00fcchtungen von der EOC 2024 in Dresden<\/a><\/h2><div class=\"w-hwrapper usg_hwrapper_2 align_none valign_top wrap\"><p class=\"w-post-elm post_custom_field usg_post_custom_field_1 type_text custom\"><span class=\"w-post-elm-value\">Juli 2024<\/span><\/p><\/div><\/div><\/div>\t\t<\/div>\r\n\t<\/article>\r\n\t<article class=\"w-grid-item us_animate_fade post-19363 post type-post status-publish format-standard has-post-thumbnail hentry category-veranstaltungsberichte\" data-id=\"19363\" style=\"animation-delay:0.3s\">\r\n\t\t<div class=\"w-grid-item-h\">\r\n\t\t\t\t\t\t<div class=\"w-hwrapper usg_hwrapper_1 align_none valign_top\"><div class=\"w-post-elm post_image usg_post_image_1 has_width has_ratio\"><div style=\"padding-bottom:100%\"><\/div><a href=\"https:\/\/orchidee.de\/en\/internationale-orchideenwelt-der-dresdner-ostern-2023\/\" aria-label=\"Internationale Orchideenwelt der DRESDNER OSTERN 2023\"><img loading=\"lazy\" decoding=\"async\" width=\"320\" height=\"213\" src=\"https:\/\/orchidee.de\/wp-content\/uploads\/Eroeffnungstag_2-1-1-320x213.jpg\" class=\"attachment-medium size-medium wp-post-image\" alt=\"Halle 1 am Er\u00f6ffnungstag\" srcset=\"https:\/\/orchidee.de\/wp-content\/uploads\/Eroeffnungstag_2-1-1-320x213.jpg 320w, https:\/\/orchidee.de\/wp-content\/uploads\/Eroeffnungstag_2-1-1-1024x683.jpg 1024w, https:\/\/orchidee.de\/wp-content\/uploads\/Eroeffnungstag_2-1-1-391x260.jpg 391w, https:\/\/orchidee.de\/wp-content\/uploads\/Eroeffnungstag_2-1-1-600x400.jpg 600w, https:\/\/orchidee.de\/wp-content\/uploads\/Eroeffnungstag_2-1-1-640x427.jpg 640w, https:\/\/orchidee.de\/wp-content\/uploads\/Eroeffnungstag_2-1-1-540x360.jpg 540w, https:\/\/orchidee.de\/wp-content\/uploads\/Eroeffnungstag_2-1-1.jpg 1417w\" sizes=\"auto, (max-width: 320px) 100vw, 320px\" \/><\/a><\/div><div class=\"w-vwrapper usg_vwrapper_1 align_none valign_top\"><h2 class=\"w-post-elm post_title usg_post_title_1 entry-title color_link_inherit\"><a href=\"https:\/\/orchidee.de\/en\/internationale-orchideenwelt-der-dresdner-ostern-2023\/\">Internationale Orchideenwelt der DRESDNER OSTERN 2023<\/a><\/h2><div class=\"w-hwrapper usg_hwrapper_2 align_none valign_top wrap\"><p class=\"w-post-elm post_custom_field usg_post_custom_field_1 type_text custom\"><span class=\"w-post-elm-value\">April 2023<\/span><\/p><\/div><\/div><\/div>\t\t<\/div>\r\n\t<\/article>\r\n\t<article class=\"w-grid-item us_animate_fade post-18425 post type-post status-publish format-standard has-post-thumbnail hentry category-veranstaltungsberichte\" data-id=\"18425\" style=\"animation-delay:0s\">\r\n\t\t<div class=\"w-grid-item-h\">\r\n\t\t\t\t\t\t<div class=\"w-hwrapper usg_hwrapper_1 align_none valign_top\"><div class=\"w-post-elm post_image usg_post_image_1 has_width has_ratio\"><div style=\"padding-bottom:100%\"><\/div><a href=\"https:\/\/orchidee.de\/en\/tischbewertung-nuernberg-langwasser-2022\/\" aria-label=\"Tischbewertung N\u00fcrnberg-Langwasser 2022\"><img loading=\"lazy\" decoding=\"async\" width=\"320\" height=\"198\" src=\"https:\/\/orchidee.de\/wp-content\/uploads\/TB-Nuernberg-2022_01-320x198.jpg\" class=\"attachment-medium size-medium wp-post-image\" alt=\"Phragmipedium Fritz Schomburg Gruppe\" srcset=\"https:\/\/orchidee.de\/wp-content\/uploads\/TB-Nuernberg-2022_01-320x198.jpg 320w, https:\/\/orchidee.de\/wp-content\/uploads\/TB-Nuernberg-2022_01-1024x635.jpg 1024w, https:\/\/orchidee.de\/wp-content\/uploads\/TB-Nuernberg-2022_01-1536x952.jpg 1536w, https:\/\/orchidee.de\/wp-content\/uploads\/TB-Nuernberg-2022_01-640x397.jpg 640w, https:\/\/orchidee.de\/wp-content\/uploads\/TB-Nuernberg-2022_01-540x335.jpg 540w, https:\/\/orchidee.de\/wp-content\/uploads\/TB-Nuernberg-2022_01-645x400.jpg 645w\" sizes=\"auto, (max-width: 320px) 100vw, 320px\" \/><\/a><\/div><div class=\"w-vwrapper usg_vwrapper_1 align_none valign_top\"><h2 class=\"w-post-elm post_title usg_post_title_1 entry-title color_link_inherit\"><a href=\"https:\/\/orchidee.de\/en\/tischbewertung-nuernberg-langwasser-2022\/\">Tischbewertung N\u00fcrnberg-Langwasser 2022<\/a><\/h2><div class=\"w-hwrapper usg_hwrapper_2 align_none valign_top wrap\"><p class=\"w-post-elm post_custom_field usg_post_custom_field_1 type_text custom\"><span class=\"w-post-elm-value\">Dezember 2022<\/span><\/p><\/div><\/div><\/div>\t\t<\/div>\r\n\t<\/article>\r\n\t<article class=\"w-grid-item us_animate_fade post-12982 post type-post status-publish format-standard has-post-thumbnail hentry category-veranstaltungsberichte\" data-id=\"12982\" style=\"animation-delay:0.1s\">\r\n\t\t<div class=\"w-grid-item-h\">\r\n\t\t\t\t\t\t<div class=\"w-hwrapper usg_hwrapper_1 align_none valign_top\"><div class=\"w-post-elm post_image usg_post_image_1 has_width has_ratio\"><div style=\"padding-bottom:100%\"><\/div><a href=\"https:\/\/orchidee.de\/en\/laendervergleichswettbewerb\/\" aria-label=\"L\u00e4ndervergleichswettbewerb D-A-HU 2022 in Deggendorf\"><img loading=\"lazy\" decoding=\"async\" width=\"320\" height=\"168\" src=\"https:\/\/orchidee.de\/wp-content\/uploads\/LVW-Deggendorf-2022_01-320x168.jpg\" class=\"attachment-medium size-medium wp-post-image\" alt=\"Bewerterrunde Landervergleich Deggendorf 2022\" srcset=\"https:\/\/orchidee.de\/wp-content\/uploads\/LVW-Deggendorf-2022_01-320x168.jpg 320w, https:\/\/orchidee.de\/wp-content\/uploads\/LVW-Deggendorf-2022_01-1024x538.jpg 1024w, https:\/\/orchidee.de\/wp-content\/uploads\/LVW-Deggendorf-2022_01-1536x806.jpg 1536w, https:\/\/orchidee.de\/wp-content\/uploads\/LVW-Deggendorf-2022_01-640x336.jpg 640w, https:\/\/orchidee.de\/wp-content\/uploads\/LVW-Deggendorf-2022_01-540x284.jpg 540w, https:\/\/orchidee.de\/wp-content\/uploads\/LVW-Deggendorf-2022_01-762x400.jpg 762w\" sizes=\"auto, (max-width: 320px) 100vw, 320px\" \/><\/a><\/div><div class=\"w-vwrapper usg_vwrapper_1 align_none valign_top\"><h2 class=\"w-post-elm post_title usg_post_title_1 entry-title color_link_inherit\"><a href=\"https:\/\/orchidee.de\/en\/laendervergleichswettbewerb\/\">L\u00e4ndervergleichswettbewerb D-A-HU 2022 in Deggendorf<\/a><\/h2><div class=\"w-hwrapper usg_hwrapper_2 align_none valign_top wrap\"><p class=\"w-post-elm post_custom_field usg_post_custom_field_1 type_text custom\"><span class=\"w-post-elm-value\">September 2022<\/span><\/p><\/div><\/div><\/div>\t\t<\/div>\r\n\t<\/article>\r\n\t<article class=\"w-grid-item us_animate_fade post-9257 post type-post status-publish format-standard has-post-thumbnail hentry category-veranstaltungsberichte\" data-id=\"9257\" style=\"animation-delay:0.2s\">\r\n\t\t<div class=\"w-grid-item-h\">\r\n\t\t\t\t\t\t<div class=\"w-hwrapper usg_hwrapper_1 align_none valign_top\"><div class=\"w-post-elm post_image usg_post_image_1 has_width has_ratio\"><div style=\"padding-bottom:100%\"><\/div><a href=\"https:\/\/orchidee.de\/en\/tischbewertung-in-ingolstadt-2022\/\" aria-label=\"Tischbewertung in Ingolstadt 2022\"><img loading=\"lazy\" decoding=\"async\" width=\"320\" height=\"240\" src=\"https:\/\/orchidee.de\/wp-content\/uploads\/Bewerterrunde-mit-Pflanzen-Ingolstadt-2022-TI2022-320x240.jpg\" class=\"attachment-medium size-medium wp-post-image\" alt=\"Bewerterrunde Ingolstadt 2022\" srcset=\"https:\/\/orchidee.de\/wp-content\/uploads\/Bewerterrunde-mit-Pflanzen-Ingolstadt-2022-TI2022-320x240.jpg 320w, https:\/\/orchidee.de\/wp-content\/uploads\/Bewerterrunde-mit-Pflanzen-Ingolstadt-2022-TI2022-1024x768.jpg 1024w, https:\/\/orchidee.de\/wp-content\/uploads\/Bewerterrunde-mit-Pflanzen-Ingolstadt-2022-TI2022-1536x1152.jpg 1536w, https:\/\/orchidee.de\/wp-content\/uploads\/Bewerterrunde-mit-Pflanzen-Ingolstadt-2022-TI2022-640x480.jpg 640w, https:\/\/orchidee.de\/wp-content\/uploads\/Bewerterrunde-mit-Pflanzen-Ingolstadt-2022-TI2022-533x400.jpg 533w\" sizes=\"auto, (max-width: 320px) 100vw, 320px\" \/><\/a><\/div><div class=\"w-vwrapper usg_vwrapper_1 align_none valign_top\"><h2 class=\"w-post-elm post_title usg_post_title_1 entry-title color_link_inherit\"><a href=\"https:\/\/orchidee.de\/en\/tischbewertung-in-ingolstadt-2022\/\">Tischbewertung in Ingolstadt 2022<\/a><\/h2><div class=\"w-hwrapper usg_hwrapper_2 align_none valign_top wrap\"><p class=\"w-post-elm post_custom_field usg_post_custom_field_1 type_text custom\"><span class=\"w-post-elm-value\">Juni 2022<\/span><\/p><\/div><\/div><\/div>\t\t<\/div>\r\n\t<\/article>\r\n\t<article class=\"w-grid-item us_animate_fade post-9243 post type-post status-publish format-standard has-post-thumbnail hentry category-veranstaltungsberichte\" data-id=\"9243\" style=\"animation-delay:0.3s\">\r\n\t\t<div class=\"w-grid-item-h\">\r\n\t\t\t\t\t\t<div class=\"w-hwrapper usg_hwrapper_1 align_none valign_top\"><div class=\"w-post-elm post_image usg_post_image_1 has_width has_ratio\"><div style=\"padding-bottom:100%\"><\/div><a href=\"https:\/\/orchidee.de\/en\/tischbewertung-nuernberg-langwasser-2021\/\" aria-label=\"Tischbewertung N\u00fcrnberg-Langwasser 2021\"><img loading=\"lazy\" decoding=\"async\" width=\"320\" height=\"213\" src=\"https:\/\/orchidee.de\/wp-content\/uploads\/Phragmipedium-besseae-f.-flavum-Wooessen-GMK-D.O.G.-TN2021-320x213.jpg\" class=\"attachment-medium size-medium wp-post-image\" alt=\"Phragmipedium besseae f. flavum &#039;W\u00f6ssen&#039;\" srcset=\"https:\/\/orchidee.de\/wp-content\/uploads\/Phragmipedium-besseae-f.-flavum-Wooessen-GMK-D.O.G.-TN2021-320x213.jpg 320w, https:\/\/orchidee.de\/wp-content\/uploads\/Phragmipedium-besseae-f.-flavum-Wooessen-GMK-D.O.G.-TN2021-1024x683.jpg 1024w, https:\/\/orchidee.de\/wp-content\/uploads\/Phragmipedium-besseae-f.-flavum-Wooessen-GMK-D.O.G.-TN2021-391x260.jpg 391w, https:\/\/orchidee.de\/wp-content\/uploads\/Phragmipedium-besseae-f.-flavum-Wooessen-GMK-D.O.G.-TN2021-600x400.jpg 600w, https:\/\/orchidee.de\/wp-content\/uploads\/Phragmipedium-besseae-f.-flavum-Wooessen-GMK-D.O.G.-TN2021-1536x1024.jpg 1536w, https:\/\/orchidee.de\/wp-content\/uploads\/Phragmipedium-besseae-f.-flavum-Wooessen-GMK-D.O.G.-TN2021-640x427.jpg 640w, https:\/\/orchidee.de\/wp-content\/uploads\/Phragmipedium-besseae-f.-flavum-Wooessen-GMK-D.O.G.-TN2021-540x360.jpg 540w\" sizes=\"auto, (max-width: 320px) 100vw, 320px\" \/><\/a><\/div><div class=\"w-vwrapper usg_vwrapper_1 align_none valign_top\"><h2 class=\"w-post-elm post_title usg_post_title_1 entry-title color_link_inherit\"><a href=\"https:\/\/orchidee.de\/en\/tischbewertung-nuernberg-langwasser-2021\/\">Tischbewertung N\u00fcrnberg-Langwasser 2021<\/a><\/h2><div class=\"w-hwrapper usg_hwrapper_2 align_none valign_top wrap\"><p class=\"w-post-elm post_custom_field usg_post_custom_field_1 type_text custom\"><span class=\"w-post-elm-value\">November 2021<\/span><\/p><\/div><\/div><\/div>\t\t<\/div>\r\n\t<\/article>\r\n\t<article class=\"w-grid-item us_animate_fade post-9231 post type-post status-publish format-standard has-post-thumbnail hentry category-veranstaltungsberichte\" data-id=\"9231\" style=\"animation-delay:0s\">\r\n\t\t<div class=\"w-grid-item-h\">\r\n\t\t\t\t\t\t<div class=\"w-hwrapper usg_hwrapper_1 align_none valign_top\"><div class=\"w-post-elm post_image usg_post_image_1 has_width has_ratio\"><div style=\"padding-bottom:100%\"><\/div><a href=\"https:\/\/orchidee.de\/en\/tischbewertung-in-strub-berchtesgaden-2\/\" aria-label=\"Tischbewertung in Strub\/Berchtesgaden\"><img loading=\"lazy\" decoding=\"async\" width=\"320\" height=\"213\" src=\"https:\/\/orchidee.de\/wp-content\/uploads\/Sommertreff-Strub-2021-ST2021-320x213.jpg\" class=\"attachment-medium size-medium wp-post-image\" alt=\"Sommertreff Strub 2021\" srcset=\"https:\/\/orchidee.de\/wp-content\/uploads\/Sommertreff-Strub-2021-ST2021-320x213.jpg 320w, https:\/\/orchidee.de\/wp-content\/uploads\/Sommertreff-Strub-2021-ST2021-1024x683.jpg 1024w, https:\/\/orchidee.de\/wp-content\/uploads\/Sommertreff-Strub-2021-ST2021-391x260.jpg 391w, https:\/\/orchidee.de\/wp-content\/uploads\/Sommertreff-Strub-2021-ST2021-600x400.jpg 600w, https:\/\/orchidee.de\/wp-content\/uploads\/Sommertreff-Strub-2021-ST2021-1536x1024.jpg 1536w, https:\/\/orchidee.de\/wp-content\/uploads\/Sommertreff-Strub-2021-ST2021-640x427.jpg 640w, https:\/\/orchidee.de\/wp-content\/uploads\/Sommertreff-Strub-2021-ST2021-540x360.jpg 540w\" sizes=\"auto, (max-width: 320px) 100vw, 320px\" \/><\/a><\/div><div class=\"w-vwrapper usg_vwrapper_1 align_none valign_top\"><h2 class=\"w-post-elm post_title usg_post_title_1 entry-title color_link_inherit\"><a href=\"https:\/\/orchidee.de\/en\/tischbewertung-in-strub-berchtesgaden-2\/\">Tischbewertung in Strub\/Berchtesgaden<\/a><\/h2><div class=\"w-hwrapper usg_hwrapper_2 align_none valign_top wrap\"><p class=\"w-post-elm post_custom_field usg_post_custom_field_1 type_text custom\"><span class=\"w-post-elm-value\">Juli 2021<\/span><\/p><\/div><\/div><\/div>\t\t<\/div>\r\n\t<\/article>\r\n\t<article class=\"w-grid-item us_animate_fade post-9216 post type-post status-publish format-standard has-post-thumbnail hentry category-veranstaltungsberichte\" data-id=\"9216\" style=\"animation-delay:0.1s\">\r\n\t\t<div class=\"w-grid-item-h\">\r\n\t\t\t\t\t\t<div class=\"w-hwrapper usg_hwrapper_1 align_none valign_top\"><div class=\"w-post-elm post_image usg_post_image_1 has_width has_ratio\"><div style=\"padding-bottom:100%\"><\/div><a href=\"https:\/\/orchidee.de\/en\/tischbewertung-in-strub-berchtesgaden\/\" aria-label=\"Tischbewertung in Strub\/Berchtesgaden\"><img loading=\"lazy\" decoding=\"async\" width=\"320\" height=\"213\" src=\"https:\/\/orchidee.de\/wp-content\/uploads\/Tischbewertung-Strub-Berchtesgaden-2020-320x213.jpg\" class=\"attachment-medium size-medium wp-post-image\" alt=\"Psychopsis krameriana\" srcset=\"https:\/\/orchidee.de\/wp-content\/uploads\/Tischbewertung-Strub-Berchtesgaden-2020-320x213.jpg 320w, https:\/\/orchidee.de\/wp-content\/uploads\/Tischbewertung-Strub-Berchtesgaden-2020-1024x683.jpg 1024w, https:\/\/orchidee.de\/wp-content\/uploads\/Tischbewertung-Strub-Berchtesgaden-2020-391x260.jpg 391w, https:\/\/orchidee.de\/wp-content\/uploads\/Tischbewertung-Strub-Berchtesgaden-2020-600x400.jpg 600w, https:\/\/orchidee.de\/wp-content\/uploads\/Tischbewertung-Strub-Berchtesgaden-2020-1536x1024.jpg 1536w, https:\/\/orchidee.de\/wp-content\/uploads\/Tischbewertung-Strub-Berchtesgaden-2020-640x427.jpg 640w, https:\/\/orchidee.de\/wp-content\/uploads\/Tischbewertung-Strub-Berchtesgaden-2020-540x360.jpg 540w\" sizes=\"auto, (max-width: 320px) 100vw, 320px\" \/><\/a><\/div><div class=\"w-vwrapper usg_vwrapper_1 align_none valign_top\"><h2 class=\"w-post-elm post_title usg_post_title_1 entry-title color_link_inherit\"><a href=\"https:\/\/orchidee.de\/en\/tischbewertung-in-strub-berchtesgaden\/\">Tischbewertung in Strub\/Berchtesgaden<\/a><\/h2><div class=\"w-hwrapper usg_hwrapper_2 align_none valign_top wrap\"><p class=\"w-post-elm post_custom_field usg_post_custom_field_1 type_text custom\"><span class=\"w-post-elm-value\">Oktober 2020<\/span><\/p><\/div><\/div><\/div>\t\t<\/div>\r\n\t<\/article>\r\n<\/div><div class=\"w-grid-preloader\"><div class=\"g-preloader type_1\">\r\n\t<div><\/div>\r\n<\/div>\r\n<\/div>\t<div class=\"w-grid-json hidden\" onclick='return {&quot;action&quot;:&quot;us_ajax_grid&quot;,&quot;ajax_url&quot;:&quot;https:\\\/\\\/orchidee.de\\\/wp-admin\\\/admin-ajax.php&quot;,&quot;infinite_scroll&quot;:0,&quot;max_num_pages&quot;:1,&quot;pagination&quot;:&quot;none&quot;,&quot;permalink_url&quot;:&quot;https:\\\/\\\/orchidee.de\\\/en\\\/wp-json\\\/wp\\\/v2\\\/pages\\\/17004\\\/&quot;,&quot;template_vars&quot;:{&quot;columns&quot;:&quot;2&quot;,&quot;exclude_items&quot;:&quot;none&quot;,&quot;img_size&quot;:&quot;medium&quot;,&quot;ignore_items_size&quot;:&quot;1&quot;,&quot;items_layout&quot;:&quot;17529&quot;,&quot;items_offset&quot;:&quot;1&quot;,&quot;load_animation&quot;:&quot;fade&quot;,&quot;overriding_link&quot;:&quot;none&quot;,&quot;post_id&quot;:17004,&quot;query_args&quot;:{&quot;post_type&quot;:[&quot;post&quot;],&quot;tax_query&quot;:[{&quot;taxonomy&quot;:&quot;category&quot;,&quot;field&quot;:&quot;slug&quot;,&quot;terms&quot;:[&quot;veranstaltungsberichte&quot;]}],&quot;post_status&quot;:[&quot;publish&quot;],&quot;posts_per_page&quot;:&quot;10&quot;},&quot;orderby_query_args&quot;:{&quot;orderby&quot;:{&quot;date&quot;:&quot;DESC&quot;}},&quot;type&quot;:&quot;grid&quot;,&quot;us_grid_ajax_index&quot;:1,&quot;us_grid_filter_params&quot;:null,&quot;us_grid_index&quot;:1,&quot;_us_grid_post_type&quot;:&quot;post&quot;,&quot;lang&quot;:&quot;en&quot;}}'><\/div>\r\n\t<\/div><\/div><\/div><\/div><\/div><\/section>\n","protected":false},"excerpt":{"rendered":"Tischbewertung in Strub\/Berchtesgaden Foto: Deutsche Orchideen-Gesellschaft Psychopsis krameriana &#8216;Strub&#8217; GM(K)\/D.O.G. &#8211; Goldmedaille f\u00fcr den herrausragenden Kulturzustand [vc_wp_text] Autor\/in: Thomas Jacob Ver\u00f6ffentlicht: 14.10.2020 [\/vc_wp_text]237 Tage ohne Tischbewertung, 215 Tage ohne eine gr\u00f6\u00dfere Veranstaltung der D.O.G. \u00fcberhaupt \u2013 nach sieben Monaten hatte das lange Warten endlich ein Ende! Am vergangenen Samstag organisierte die Deutsche Orchideen-Gesellschaft zusammen mit...","protected":false},"author":10,"featured_media":0,"parent":0,"menu_order":0,"comment_status":"closed","ping_status":"closed","template":"","meta":{"footnotes":""},"class_list":["post-17004","page","type-page","status-publish","hentry"],"_links":{"self":[{"href":"https:\/\/orchidee.de\/en\/wp-json\/wp\/v2\/pages\/17004","targetHints":{"allow":["GET"]}}],"collection":[{"href":"https:\/\/orchidee.de\/en\/wp-json\/wp\/v2\/pages"}],"about":[{"href":"https:\/\/orchidee.de\/en\/wp-json\/wp\/v2\/types\/page"}],"author":[{"embeddable":true,"href":"https:\/\/orchidee.de\/en\/wp-json\/wp\/v2\/users\/10"}],"replies":[{"embeddable":true,"href":"https:\/\/orchidee.de\/en\/wp-json\/wp\/v2\/comments?post=17004"}],"version-history":[{"count":18,"href":"https:\/\/orchidee.de\/en\/wp-json\/wp\/v2\/pages\/17004\/revisions"}],"predecessor-version":[{"id":25292,"href":"https:\/\/orchidee.de\/en\/wp-json\/wp\/v2\/pages\/17004\/revisions\/25292"}],"wp:attachment":[{"href":"https:\/\/orchidee.de\/en\/wp-json\/wp\/v2\/media?parent=17004"}],"curies":[{"name":"wp","href":"https:\/\/api.w.org\/{rel}","templated":true}]}}